{"id":534,"date":"2025-05-15T11:19:41","date_gmt":"2025-05-15T14:19:41","guid":{"rendered":"https:\/\/canaldedenuncias.usach.cl\/?page_id=534"},"modified":"2026-01-13T15:53:30","modified_gmt":"2026-01-13T18:53:30","slug":"informate-2","status":"publish","type":"page","link":"https:\/\/canaldedenuncias.usach.cl\/index.php\/informate-2\/","title":{"rendered":"Informate"},"content":{"rendered":"\t\t<div data-elementor-type=\"wp-post\" data-elementor-id=\"534\" class=\"elementor elementor-534\">\n\t\t\t\t<div class=\"elementor-element elementor-element-029fe4d e-flex e-con-boxed e-con e-parent\" data-id=\"029fe4d\" data-element_type=\"container\">\n\t\t\t\t\t<div class=\"e-con-inner\">\n\t\t<div class=\"elementor-element elementor-element-edab33b e-con-full e-flex e-con e-child\" data-id=\"edab33b\" data-element_type=\"container\">\n\t\t\t\t<div class=\"elementor-element elementor-element-fd3f422 elementor-hidden-mobile elementor-widget elementor-widget-image\" data-id=\"fd3f422\" data-element_type=\"widget\" data-widget_type=\"image.default\">\n\t\t\t\t<div class=\"elementor-widget-container\">\n\t\t\t\t\t\t\t\t\t\t\t\t\t\t\t<img fetchpriority=\"high\" decoding=\"async\" width=\"1024\" height=\"362\" src=\"https:\/\/canaldedenuncias.usach.cl\/wp-content\/uploads\/2025\/05\/fondo-10-04-04.png\" class=\"attachment-large size-large wp-image-794\" alt=\"\" \/>\t\t\t\t\t\t\t\t\t\t\t\t\t\t\t<\/div>\n\t\t\t\t<\/div>\n\t\t\t\t<\/div>\n\t\t<div class=\"elementor-element elementor-element-64caa6e e-con-full e-flex e-con e-child\" data-id=\"64caa6e\" data-element_type=\"container\">\n\t\t\t\t<div class=\"elementor-element elementor-element-fc9dcac elementor-widget elementor-widget-heading\" data-id=\"fc9dcac\" data-element_type=\"widget\" data-widget_type=\"heading.default\">\n\t\t\t\t<div class=\"elementor-widget-container\">\n\t\t\t\t\t<h2 class=\"elementor-heading-title elementor-size-default\">Conoce c\u00f3mo funciona <br>cada tipo de denuncia<\/h2>\t\t\t\t<\/div>\n\t\t\t\t<\/div>\n\t\t\t\t<div class=\"elementor-element elementor-element-020e293 elementor-hidden-desktop elementor-hidden-tablet elementor-widget elementor-widget-image\" data-id=\"020e293\" data-element_type=\"widget\" data-widget_type=\"image.default\">\n\t\t\t\t<div class=\"elementor-widget-container\">\n\t\t\t\t\t\t\t\t\t\t\t\t\t\t\t<img fetchpriority=\"high\" decoding=\"async\" width=\"1024\" height=\"362\" src=\"https:\/\/canaldedenuncias.usach.cl\/wp-content\/uploads\/2025\/05\/fondo-10-04-04.png\" class=\"attachment-large size-large wp-image-794\" alt=\"\" \/>\t\t\t\t\t\t\t\t\t\t\t\t\t\t\t<\/div>\n\t\t\t\t<\/div>\n\t\t\t\t<\/div>\n\t\t\t\t\t<\/div>\n\t\t\t\t<\/div>\n\t\t<div class=\"elementor-element elementor-element-a9f7aca e-con-full e-flex e-con e-parent\" data-id=\"a9f7aca\" data-element_type=\"container\">\n\t\t\t\t<div class=\"elementor-element elementor-element-01a9487 elementor-widget elementor-widget-image\" data-id=\"01a9487\" data-element_type=\"widget\" data-widget_type=\"image.default\">\n\t\t\t\t<div class=\"elementor-widget-container\">\n\t\t\t\t\t\t\t\t\t\t\t\t\t\t\t<img decoding=\"async\" width=\"447\" height=\"101\" src=\"https:\/\/canaldedenuncias.usach.cl\/wp-content\/uploads\/2025\/05\/vivavired.jpg\" class=\"attachment-large size-large wp-image-415\" alt=\"\" \/>\t\t\t\t\t\t\t\t\t\t\t\t\t\t\t<\/div>\n\t\t\t\t<\/div>\n\t\t\t\t<div class=\"elementor-element elementor-element-aee7bae elementor-widget elementor-widget-menu-anchor\" data-id=\"aee7bae\" data-element_type=\"widget\" data-widget_type=\"menu-anchor.default\">\n\t\t\t\t<div class=\"elementor-widget-container\">\n\t\t\t\t\t\t\t<div class=\"elementor-menu-anchor\" id=\"sexual\"><\/div>\n\t\t\t\t\t\t<\/div>\n\t\t\t\t<\/div>\n\t\t\t\t<div class=\"elementor-element elementor-element-b690c3c elementor-widget elementor-widget-text-editor\" data-id=\"b690c3c\" data-element_type=\"widget\" data-widget_type=\"text-editor.default\">\n\t\t\t\t<div class=\"elementor-widget-container\">\n\t\t\t\t\t\t\t\t\t<p>Receptora de denuncias por acoso laboral o sexual, violencia en el trabajo y discriminaci\u00f3n de g\u00e9nero<b>.<\/b> Cuenta con protocolos y formularios espec\u00edficos, y brinda orientaci\u00f3n psicojur\u00eddica confidencial a las personas afectadas, asegurando un acompa\u00f1amiento respetuoso y especializado durante todo el proceso.<\/p>\t\t\t\t\t\t\t\t<\/div>\n\t\t\t\t<\/div>\n\t\t\t\t<div class=\"elementor-element elementor-element-09e03ff elementor-widget-divider--view-line elementor-widget elementor-widget-divider\" data-id=\"09e03ff\" data-element_type=\"widget\" id=\"123\" data-widget_type=\"divider.default\">\n\t\t\t\t<div class=\"elementor-widget-container\">\n\t\t\t\t\t\t\t<div class=\"elementor-divider\">\n\t\t\t<span class=\"elementor-divider-separator\">\n\t\t\t\t\t\t<\/span>\n\t\t<\/div>\n\t\t\t\t\t\t<\/div>\n\t\t\t\t<\/div>\n\t\t<div class=\"elementor-element elementor-element-e3e5123 e-con-full e-flex e-con e-child\" data-id=\"e3e5123\" data-element_type=\"container\" id=\"acoso-sexual\">\n\t\t\t\t<div class=\"elementor-element elementor-element-c0ce29a elementor-widget__width-initial elementor-widget elementor-widget-text-editor\" data-id=\"c0ce29a\" data-element_type=\"widget\" data-widget_type=\"text-editor.default\">\n\t\t\t\t<div class=\"elementor-widget-container\">\n\t\t\t\t\t\t\t\t\t<div style=\"text-align: justify;\"><p><strong>DENUNCIAS POR ACOSO SEXUAL VIOLENCIA Y DISCRIMINACI\u00d3N DE G\u00c9NERO<\/strong><\/p><p>Este canal te permite conocer la informaci\u00f3n necesaria para denunciar hechos de acoso sexual, violencia o discriminaci\u00f3n de g\u00e9nero de acuerdo a la Pol\u00edtica para el Abordaje de la Violencia de G\u00e9nero en la Universidad de Santiago de Chile (Resoluci\u00f3n exenta 9011\/2023) y al Protocolo Institucional de Prevenci\u00f3n y Actuaci\u00f3n frente al Acoso Laboral, Acoso Sexual o Violencia en el Trabajo (Resoluci\u00f3n exenta 8241\/2024) que refiere a las modificaciones en materia de acoso laboral y sexual y violencia en el trabajo (Ley 21.643, reconocida como Ley Karin).<\/p><\/div>\t\t\t\t\t\t\t\t<\/div>\n\t\t\t\t<\/div>\n\t\t\t\t<div class=\"elementor-element elementor-element-e9e1db3 elementor-widget__width-initial elementor-widget elementor-widget-text-editor\" data-id=\"e9e1db3\" data-element_type=\"widget\" data-widget_type=\"text-editor.default\">\n\t\t\t\t<div class=\"elementor-widget-container\">\n\t\t\t\t\t\t\t\t\t<p><strong>1) Violencia de g\u00e9nero<\/strong><\/p><p><strong>Definici\u00f3n:<\/strong> Cualquier acci\u00f3n o conducta basada en el sexo, la orientaci\u00f3n sexual, la identidad o la expresi\u00f3n de g\u00e9nero de una persona que cause o pueda\u00a0 causar da\u00f1o f\u00edsico, sexual, psicol\u00f3gico o econ\u00f3mico, tanto en el \u00e1mbito p\u00fablico como privado, y a trav\u00e9s de medios digitales.<\/p><p><strong>Ejemplos:<\/strong><br \/>\u25cf Acoso laboral por motivos de g\u00e9nero: Cuando una persona es hostigada o agredida en el trabajo debido a su g\u00e9nero, identidad o expresi\u00f3n de g\u00e9nero, orientaci\u00f3n sexual, maternidad, lactancia u otras condiciones asociadas.<br \/>\u25cf Comportamientos sexistas: Expresiones o conductas -como chistes, comentarios o actitudes- que refuerzan estereotipos, discriminaci\u00f3n o menosprecio hacia mujeres o personas de la diversidad sexual por raz\u00f3n de su sexo o g\u00e9nero.<br \/>\u25cf Conductas comunes: menosprecio, asignaci\u00f3n desigual de tareas, aislamiento laboral, burlas o comentarios ofensivos.<br \/>\u25cf Agresiones f\u00edsicas o verbales hacia una persona por su identidad de g\u00e9nero.<br \/>\u25cf Difusi\u00f3n de contenido \u00edntimo sin consentimiento.<\/p><p><strong>2) Discriminaci\u00f3n de g\u00e9nero<\/strong><\/p><p><strong>Definici\u00f3n (seg\u00fan Ley 20.609):<\/strong> Toda exclusi\u00f3n, restricci\u00f3n o distinci\u00f3n basada en el sexo, g\u00e9nero, identidad o expresi\u00f3n de g\u00e9nero, u orientaci\u00f3n sexual, que tenga por efecto impedir o dificultar el ejercicio de derechos y el desarrollo pleno de las personas.<\/p><p><strong>3) Acoso sexual<\/strong><\/p><p><strong>Definici\u00f3n:<\/strong> Cualquier conducta o acci\u00f3n de connotaci\u00f3n sexual (verbal, no verbal, f\u00edsica o virtual) no deseada ni consentida por la persona que la recibe, que atente contra la dignidad, la igualdad de derechos, libertad o integridad de una persona, que genere un entorno intimidatorio, hostil o humillante, o que perjudique o incida en sus oportunidades o condiciones materiales, ya sea una conducta reiterada o de episodio \u00fanico.<\/p><p><strong>Formas principales:<\/strong><\/p><p><strong>a. Verbal:<\/strong>\u00a0Comentarios, bromas, insinuaciones o preguntas de naturaleza sexual no deseadas, que pueden incluir lenguaje vulgar u obsceno. Se manifiesta tambi\u00e9n al esparcir rumores sexuales; hacer peticiones sexuales expl\u00edcitas o impl\u00edcitas, o incluso realizando comentarios inapropiados sobre la orientaci\u00f3n sexual, la vida \u00edntima o sexoafectiva de una persona.<\/p><p><strong>b. No verbal:<\/strong>\u00a0Gestos de connotaci\u00f3n sexual, miradas lascivas o cualquier otro gesto de naturaleza sexual y no deseada. Exhibici\u00f3n de dibujos, ilustraciones o im\u00e1genes de car\u00e1cter sexual o pornogr\u00e1ficas.<\/p><p><b>c. F\u00edsico:<\/b> Contacto corporal de naturaleza sexual no consentido ni deseado (abrazos, roces, besos, palmadas, tocamientos y acercamientos, entre otras conductas de connotaci\u00f3n sexual no requeridas). Formas m\u00e1s graves se consideran agresi\u00f3n o abuso sexual.<\/p>\t\t\t\t\t\t\t\t<\/div>\n\t\t\t\t<\/div>\n\t\t\t\t<div class=\"elementor-element elementor-element-dde9de1 elementor-widget elementor-widget-menu-anchor\" data-id=\"dde9de1\" data-element_type=\"widget\" data-widget_type=\"menu-anchor.default\">\n\t\t\t\t<div class=\"elementor-widget-container\">\n\t\t\t\t\t\t\t<div class=\"elementor-menu-anchor\" id=\"laboral\"><\/div>\n\t\t\t\t\t\t<\/div>\n\t\t\t\t<\/div>\n\t\t\t\t<div class=\"elementor-element elementor-element-a352ac7 elementor-widget elementor-widget-text-editor\" data-id=\"a352ac7\" data-element_type=\"widget\" data-widget_type=\"text-editor.default\">\n\t\t\t\t<div class=\"elementor-widget-container\">\n\t\t\t\t\t\t\t\t\t<p>Ante cualquier duda o requerimiento de acompa\u00f1amiento psicojur\u00eddico, escribe al correo: consulta.genero@usach.cl.<\/p><p>\u25cf Para solicitar una hora de orientaci\u00f3n psicojur\u00eddica, no se requiere una denuncia previa. Pincha\u00a0<a href=\"https:\/\/calendar.app.google\/iad8EQjnekFpd2Pe8\">aqu\u00ed para agendar<\/a>.<br \/>\u25cf Para solicitar una orientaci\u00f3n jur\u00eddica online para personas denunciadas en virtud de la Pol\u00edtica para el Abordaje de la Violencia de G\u00e9nero de la Universidad de Santiago de Chile, <a href=\"https:\/\/calendar.app.google\/iad8EQjnekFpd2Pe8\">agenda aqu\u00ed<\/a><br \/>\u25cf El link de agenda directo: <a href=\"https:\/\/calendar.app.google\/iad8EQjnekFpd2Pe8\">Acceso directo a la agenda<\/a><\/p>\t\t\t\t\t\t\t\t<\/div>\n\t\t\t\t<\/div>\n\t\t<div class=\"elementor-element elementor-element-b88bb87 e-con-full e-flex e-con e-child\" data-id=\"b88bb87\" data-element_type=\"container\">\n\t\t\t\t<div class=\"elementor-element elementor-element-edbc77d elementor-align-center elementor-widget elementor-widget-button\" data-id=\"edbc77d\" data-element_type=\"widget\" data-widget_type=\"button.default\">\n\t\t\t\t<div class=\"elementor-widget-container\">\n\t\t\t\t\t\t\t\t\t<div class=\"elementor-button-wrapper\">\n\t\t\t\t\t<a class=\"elementor-button elementor-button-link elementor-size-sm\" href=\"https:\/\/denuncias.usach.cl\/login\/\" target=\"_blank\">\n\t\t\t\t\t\t<span class=\"elementor-button-content-wrapper\">\n\t\t\t\t\t\t\t\t\t<span class=\"elementor-button-text\">Acceder al Sistema de Denuncias<\/span>\n\t\t\t\t\t<\/span>\n\t\t\t\t\t<\/a>\n\t\t\t\t<\/div>\n\t\t\t\t\t\t\t\t<\/div>\n\t\t\t\t<\/div>\n\t\t\t\t<\/div>\n\t\t\t\t<div class=\"elementor-element elementor-element-6517db6 elementor-widget elementor-widget-text-editor\" data-id=\"6517db6\" data-element_type=\"widget\" data-widget_type=\"text-editor.default\">\n\t\t\t\t<div class=\"elementor-widget-container\">\n\t\t\t\t\t\t\t\t\t<p><strong>REFERENCIA<\/strong><\/p><p>\u25cf Convenio 190 sobre la eliminaci\u00f3n de la violencia y el acoso en el mundo del trabajo de la Organizaci\u00f3n Internacional del Trabajo (OIT).<br \/>\u25cf Ley 21.675, que estatuye medidas para prevenir, sancionar y erradicar la violencia en contra de las mujeres, en raz\u00f3n de su g\u00e9nero.<br \/>\u25cf Ley 21.643 (Ley Karin) que modifica el C\u00f3digo del Trabajo y otros cuerpos legales, en materia de prevenci\u00f3n, investigaci\u00f3n y sanci\u00f3n del acoso laboral, sexual o de violencia en el trabajo.<br \/>\u25cf Ley 21.369 que regula el acoso sexual, la violencia y la discriminaci\u00f3n de g\u00e9nero en el \u00e1mbito de la educaci\u00f3n superior.<br \/>\u25cf Ley 21.120 que reconoce y da protecci\u00f3n al derecho a la identidad de g\u00e9nero.<br \/>\u25cf Ley 20.609 que establece medidas contra la discriminaci\u00f3n.<br \/>\u25cf Decreto 21 del 2024 del Ministerio del Trabajo y Previsi\u00f3n Social.<br \/>\u25cf Protocolo Institucional de Prevenci\u00f3n y Actuaci\u00f3n Frente al Acoso Laboral, Acoso Sexual o Violencia en el Trabajo de la Universidad de Santiago de Chile, resoluci\u00f3n exenta 8241\/2024.<br \/>\u25cf Pol\u00edtica integral para el Abordaje de la Violencia de G\u00e9nero en la Universidad de Santiago de Chile, resoluci\u00f3n exenta 9011\/2023.<br \/>\u25cf Pol\u00edtica de Igualdad de G\u00e9nero y Diversidad en la Universidad de Santiago de Chile, resoluci\u00f3n exenta 7834\/2022.<br \/>\u25cf Circular 3876 de la Superintendencia de USESO que refuerza Prevenci\u00f3n del acoso laboral, sexual y violencia en el trabajo \u2013 Incorpora y precisa instrucciones referidas a la no discriminaci\u00f3n de Personas trabajadoras pertenecientes a las comunidades de Diversidades sexogen\u00e9rica.<br \/>\u25cf Oficio Circular 001\/2023 de la Superintendencia de Educaci\u00f3n Superior.<br \/>\u25cf Oficio E516610 \/2024 de la Contralor\u00eda General de la Rep\u00fablica.<\/p>\t\t\t\t\t\t\t\t<\/div>\n\t\t\t\t<\/div>\n\t\t\t\t<div class=\"elementor-element elementor-element-42af8ee elementor-widget-divider--view-line elementor-widget elementor-widget-divider\" data-id=\"42af8ee\" data-element_type=\"widget\" data-widget_type=\"divider.default\">\n\t\t\t\t<div class=\"elementor-widget-container\">\n\t\t\t\t\t\t\t<div class=\"elementor-divider\">\n\t\t\t<span class=\"elementor-divider-separator\">\n\t\t\t\t\t\t<\/span>\n\t\t<\/div>\n\t\t\t\t\t\t<\/div>\n\t\t\t\t<\/div>\n\t\t\t\t<\/div>\n\t\t<div class=\"elementor-element elementor-element-9cf91bd e-con-full e-flex e-con e-child\" data-id=\"9cf91bd\" data-element_type=\"container\" id=\"acoso-laboral\">\n\t\t\t\t<div class=\"elementor-element elementor-element-253cff1 elementor-widget elementor-widget-text-editor\" data-id=\"253cff1\" data-element_type=\"widget\" data-widget_type=\"text-editor.default\">\n\t\t\t\t<div class=\"elementor-widget-container\">\n\t\t\t\t\t\t\t\t\t<div style=\"text-align: justify;\"><p>\u00a0<\/p><p><strong>DENUNCIA POR ACOSO LABORAL<br \/><\/strong>Se entiende por Acoso laboral toda conducta que constituya agresi\u00f3n u hostigamiento ejercida por el empleador o por uno o m\u00e1s trabajadores, en contra de otro u otros trabajadores, por cualquier medio, ya sea que se manifieste una sola vez o de manera reiterada, y que tenga como resultado para \u00e9l o los afectados su menoscabo, maltrato o humillaci\u00f3n, o bien que amenace o perjudique su situaci\u00f3n laboral o sus oportunidades en el empleo.\u00a0<\/p><p><strong>\u00a0<\/strong><\/p><p><strong>Algunos ejemplos de acoso laboral incluyen:<\/strong><\/p><p><strong>\u00a0<\/strong><\/p><ul><li>Juzgar el desempe\u00f1o de una persona funcionaria de manera ofensiva<\/li><li>Interrumpir o restringir el contacto de una persona con otras<\/li><li>Hacer comentarios despectivos sobre la apariencia, inteligencia, habilidades, competencia profesional, situaci\u00f3n socioecon\u00f3mica o valor de una persona<\/li><li>Enviar mensajes amenazantes, abusivos o despectivos por correo electr\u00f3nico, medios de comunicaci\u00f3n interna, redes sociales o mensajes de texto<\/li><li>Difamar a la persona funcionaria, extendiendo rumores maliciosos o calumniosos que menoscaban su reputaci\u00f3n, imagen o profesionalidad<\/li><\/ul><p><span style=\"font-weight: 400;\"><br \/>Si tienes dudas respecto de la normativa, el procedimiento, o sobre las situaciones que has vivido en materia de acoso o maltrato laboral, puedes hacer uso del servicio de orientaci\u00f3n psicojur\u00eddica. Para recibir atenci\u00f3n por este servicio no es requisito realizar una denuncia. Al solicitar una hora de Orientaci\u00f3n Psicojur\u00eddica, usted se compromete a respetar los principios de no violencia y no discriminaci\u00f3n que rigen a nuestra instituci\u00f3n. El servicio es voluntario, fomenta la autonom\u00eda de las personas y ser\u00e1 tratado en todo momento de forma confidencial por los profesionales del Departamento de Derechos y Clima Laboral.<br \/><\/span><\/p><p><span style=\"font-weight: 400;\">\u00a0<\/span><\/p><p class=\"whitespace-normal break-words\"><strong>Para solicitar una hora:<\/strong><\/p><p><strong>\u00a0<\/strong><\/p><ul class=\"[&amp;:not(:last-child)_ul]:pb-1 [&amp;:not(:last-child)_ol]:pb-1 list-disc space-y-2.5 pl-7\"><li class=\"whitespace-normal break-words\"><strong>Orientaci\u00f3n psicojur\u00eddica:<\/strong> <a class=\"underline\" href=\"https:\/\/calendar.app.google\/iad8EQjnekFpd2Pe8\">Solicita aqu\u00ed<\/a><\/li><li class=\"whitespace-normal break-words\"><strong>Orientaci\u00f3n jur\u00eddica (en el caso de ser denunciado\/a):<\/strong> <a class=\"underline\" href=\"https:\/\/calendar.google.com\/calendar\/u\/0\/appointments\/schedules\/AcZssZ2xcncggMFp2CK8KJQX5l9V49k9Kv8B9BWjIcvIQiR2D47INsVRGChAPfQfranmQTHAChn8nBGm\">Solicita aqu\u00ed<\/a><\/li><\/ul><p><span style=\"font-weight: 400;\">\u00a0<\/span><\/p><p>Si est\u00e1s viviendo o presenciaste una situaci\u00f3n de acoso en el trabajo, aqu\u00ed puedes reportarla de forma segura y confidencial. Ante cualquier duda, escribe al correo:<br \/><a href=\"mailto:denuncia.acosolaboral@usach.cl\">denuncia.acosolaboral@usach.cl<\/a><\/p><\/div>\t\t\t\t\t\t\t\t<\/div>\n\t\t\t\t<\/div>\n\t\t<div class=\"elementor-element elementor-element-25c7227 e-con-full e-flex e-con e-child\" data-id=\"25c7227\" data-element_type=\"container\">\n\t\t\t\t<div class=\"elementor-element elementor-element-a5c779c elementor-align-center elementor-widget elementor-widget-button\" data-id=\"a5c779c\" data-element_type=\"widget\" data-widget_type=\"button.default\">\n\t\t\t\t<div class=\"elementor-widget-container\">\n\t\t\t\t\t\t\t\t\t<div class=\"elementor-button-wrapper\">\n\t\t\t\t\t<a class=\"elementor-button elementor-button-link elementor-size-sm\" href=\"https:\/\/denuncias.usach.cl\/login\/\" target=\"_blank\">\n\t\t\t\t\t\t<span class=\"elementor-button-content-wrapper\">\n\t\t\t\t\t\t\t\t\t<span class=\"elementor-button-text\">Acceder al Sistema de Denuncias<\/span>\n\t\t\t\t\t<\/span>\n\t\t\t\t\t<\/a>\n\t\t\t\t<\/div>\n\t\t\t\t\t\t\t\t<\/div>\n\t\t\t\t<\/div>\n\t\t\t\t<\/div>\n\t\t\t\t<div class=\"elementor-element elementor-element-c2722e9 elementor-widget elementor-widget-menu-anchor\" data-id=\"c2722e9\" data-element_type=\"widget\" data-widget_type=\"menu-anchor.default\">\n\t\t\t\t<div class=\"elementor-widget-container\">\n\t\t\t\t\t\t\t<div class=\"elementor-menu-anchor\" id=\"violencia\"><\/div>\n\t\t\t\t\t\t<\/div>\n\t\t\t\t<\/div>\n\t\t\t\t<div class=\"elementor-element elementor-element-a38efd5 elementor-widget-divider--view-line elementor-widget elementor-widget-divider\" data-id=\"a38efd5\" data-element_type=\"widget\" data-widget_type=\"divider.default\">\n\t\t\t\t<div class=\"elementor-widget-container\">\n\t\t\t\t\t\t\t<div class=\"elementor-divider\">\n\t\t\t<span class=\"elementor-divider-separator\">\n\t\t\t\t\t\t<\/span>\n\t\t<\/div>\n\t\t\t\t\t\t<\/div>\n\t\t\t\t<\/div>\n\t\t\t\t<div class=\"elementor-element elementor-element-45810b0 elementor-widget elementor-widget-text-editor\" data-id=\"45810b0\" data-element_type=\"widget\" data-widget_type=\"text-editor.default\">\n\t\t\t\t<div class=\"elementor-widget-container\">\n\t\t\t\t\t\t\t\t\t<div style=\"text-align: justify;\"><p><b>REFERENCIA<\/b><\/p><p><b>\u00a0<\/b><\/p><ul><li><span style=\"font-weight: 400;\">Ley N\u00b021.643 (Ley Karin)<\/span><\/li><li><span style=\"font-weight: 400;\">Convenio 190 de la OIT.<\/span><\/li><li><span style=\"font-weight: 400;\">Oficio E516610 \/2024 de la Contralor\u00eda General de la Rep\u00fablica.<\/span><\/li><li><span style=\"font-weight: 400;\">Protocolo Institucional de Prevenci\u00f3n y Actuaci\u00f3n Frente al Acoso Laboral, Acoso Sexual o Violencia en el Trabajo de la Universidad de Santiago de Chile, aprobado mediante la resoluci\u00f3n 8241 del 24 de octubre de 2024.<\/span><\/li><\/ul><ul><li>Circular 3876 de la SUSESO que refuerza Prevenci\u00f3n del acoso laboral, sexual y violencia en el trabajo &#8211; Incorpora y precisa instrucciones referidas a la no discriminaci\u00f3n de Personas trabajadoras pertenecientes a las comunidades de Diversidades sexogen\u00e9rica<\/li><\/ul><p><span style=\"font-weight: 400;\"><br \/>Descarga aqu\u00ed el <span style=\"text-decoration: underline;\"><a href=\"https:\/\/vicaviged.usach.cl\/ley-21643-ley-karin\" target=\"_blank\" rel=\"noopener\"><span style=\"color: #fcb827; text-decoration: underline;\">protocolo institucional<\/span><\/a><br \/><\/span><br \/><\/span><\/p><\/div>\t\t\t\t\t\t\t\t<\/div>\n\t\t\t\t<\/div>\n\t\t\t\t<\/div>\n\t\t<div class=\"elementor-element elementor-element-0e9b262 e-con-full e-flex e-con e-child\" data-id=\"0e9b262\" data-element_type=\"container\" id=\"violencia-trabajo\">\n\t\t\t\t<div class=\"elementor-element elementor-element-91a8b31 elementor-widget elementor-widget-text-editor\" data-id=\"91a8b31\" data-element_type=\"widget\" data-widget_type=\"text-editor.default\">\n\t\t\t\t<div class=\"elementor-widget-container\">\n\t\t\t\t\t\t\t\t\t<div style=\"text-align: justify;\">\n    <b>DENUNCIA POR VIOLENCIA EN EL TRABAJO<\/b><br><br>\n\n    Se entiende por violencia en el trabajo aquellas conductas que afectan a trabajadoras y trabajadores con ocasi\u00f3n de la prestaci\u00f3n de servicios, y que provienen de clientes, proveedores, usuarios u otras personas externas. Consulta el \n    <a href=\"https:\/\/www.dt.gob.cl\/portal\/1626\/articles-117137_galeria_02.pdf\" target=\"_blank\" rel=\"noopener\">\n        Art\u00edculo 2\u00b0, literal c, del C\u00f3digo del Trabajo\n    <\/a> para mayor detalle.<br><br>\n\n    Algunos ejemplos de este tipo de violencia son: gritos o amenazas; uso de garabatos o palabras ofensivas; golpes, zamarreos, pu\u00f1etazos, patadas o bofetadas. Tambi\u00e9n se considera la difusi\u00f3n de informaci\u00f3n personal mediante propaganda, panfletos o rayados en el lugar de trabajo; as\u00ed como conductas que amenacen o causen lesiones f\u00edsicas o da\u00f1os materiales en los espacios laborales.<br><br>\n\n    El protocolo tiene como prop\u00f3sito fortalecer entornos laborales seguros y libres de violencia, promoviendo el buen trato y pr\u00e1cticas laborales con perspectiva de g\u00e9nero.<br><br>\n\n    Si has vivido o presenciado una situaci\u00f3n de violencia en el trabajo, puedes reportarla de forma segura y confidencial. Descarga la ficha de denuncia y env\u00edala al correo: \n    <a href=\"mailto:denuncia.acosolaboral@usach.cl\">denuncia.acosolaboral@usach.cl<\/a>\n<\/div>\n\t\t\t\t\t\t\t\t<\/div>\n\t\t\t\t<\/div>\n\t\t\t\t<\/div>\n\t\t\t\t<\/div>\n\t\t<div class=\"elementor-element elementor-element-516d266 e-flex e-con-boxed e-con e-parent\" data-id=\"516d266\" data-element_type=\"container\">\n\t\t\t\t\t<div class=\"e-con-inner\">\n\t\t\t\t<div class=\"elementor-element elementor-element-c7564f1 elementor-widget elementor-widget-image\" data-id=\"c7564f1\" data-element_type=\"widget\" data-widget_type=\"image.default\">\n\t\t\t\t<div class=\"elementor-widget-container\">\n\t\t\t\t\t\t\t\t\t\t\t\t\t\t\t<img decoding=\"async\" width=\"371\" height=\"135\" src=\"https:\/\/canaldedenuncias.usach.cl\/wp-content\/uploads\/2025\/06\/Captura_desde_2025-06-11_17-00-19-removebg-preview.png\" class=\"attachment-large size-large wp-image-888\" alt=\"\" srcset=\"https:\/\/canaldedenuncias.usach.cl\/wp-content\/uploads\/2025\/06\/Captura_desde_2025-06-11_17-00-19-removebg-preview.png 371w, https:\/\/canaldedenuncias.usach.cl\/wp-content\/uploads\/2025\/06\/Captura_desde_2025-06-11_17-00-19-removebg-preview-300x109.png 300w\" sizes=\"(max-width: 371px) 100vw, 371px\" \/>\t\t\t\t\t\t\t\t\t\t\t\t\t\t\t<\/div>\n\t\t\t\t<\/div>\n\t\t\t\t<div class=\"elementor-element elementor-element-c2c0b44 elementor-widget elementor-widget-menu-anchor\" data-id=\"c2c0b44\" data-element_type=\"widget\" data-widget_type=\"menu-anchor.default\">\n\t\t\t\t<div class=\"elementor-widget-container\">\n\t\t\t\t\t\t\t<div class=\"elementor-menu-anchor\" id=\"promocion\"><\/div>\n\t\t\t\t\t\t<\/div>\n\t\t\t\t<\/div>\n\t\t\t\t<div class=\"elementor-element elementor-element-34a5e2e elementor-widget elementor-widget-text-editor\" data-id=\"34a5e2e\" data-element_type=\"widget\" data-widget_type=\"text-editor.default\">\n\t\t\t\t<div class=\"elementor-widget-container\">\n\t\t\t\t\t\t\t\t\t<p>La Direcci\u00f3n Jur\u00eddica participa cuando una denuncia requiere orientaci\u00f3n legal o revisi\u00f3n normativa. Su funci\u00f3n es velar por el respeto al debido proceso, la confidencialidad de la informaci\u00f3n y la correcta aplicaci\u00f3n de las normativas internas y externas.<\/p><p><br \/>Si una denuncia necesita evaluaci\u00f3n jur\u00eddica, ser\u00e1 derivada de forma segura y confidencial, <b>aunque no hayas seleccionado directamente esta unidad<\/b>. Esto garantiza una gesti\u00f3n responsable, respetuosa y oportuna de los casos.<\/p>\t\t\t\t\t\t\t\t<\/div>\n\t\t\t\t<\/div>\n\t\t\t\t<div class=\"elementor-element elementor-element-fd8f2a5 elementor-widget-divider--view-line elementor-widget elementor-widget-divider\" data-id=\"fd8f2a5\" data-element_type=\"widget\" data-widget_type=\"divider.default\">\n\t\t\t\t<div class=\"elementor-widget-container\">\n\t\t\t\t\t\t\t<div class=\"elementor-divider\">\n\t\t\t<span class=\"elementor-divider-separator\">\n\t\t\t\t\t\t<\/span>\n\t\t<\/div>\n\t\t\t\t\t\t<\/div>\n\t\t\t\t<\/div>\n\t\t<div class=\"elementor-element elementor-element-7b9afd9 e-con-full e-flex e-con e-child\" data-id=\"7b9afd9\" data-element_type=\"container\">\n\t\t\t\t<div class=\"elementor-element elementor-element-7b6e161 elementor-widget elementor-widget-text-editor\" data-id=\"7b6e161\" data-element_type=\"widget\" data-widget_type=\"text-editor.default\">\n\t\t\t\t<div class=\"elementor-widget-container\">\n\t\t\t\t\t\t\t\t\t<div style=\"text-align: justify;\"><br \/><span style=\"font-weight: 400;\"><br \/><strong>DENUNCIA EN EL DEPARTAMENTO DE PROMOCI\u00d3N Y CUMPLIMIENTO<\/strong><br \/><\/span><br \/><br \/><p>Este departamento recibe denuncias relacionadas con la conducta de funcionarias y funcionarios de la instituci\u00f3n, abarcando casos de acoso, maltrato y otras conductas inapropiadas.<\/p><\/div>\t\t\t\t\t\t\t\t<\/div>\n\t\t\t\t<\/div>\n\t\t\t\t<div class=\"elementor-element elementor-element-9490810 elementor-widget elementor-widget-menu-anchor\" data-id=\"9490810\" data-element_type=\"widget\" data-widget_type=\"menu-anchor.default\">\n\t\t\t\t<div class=\"elementor-widget-container\">\n\t\t\t\t\t\t\t<div class=\"elementor-menu-anchor\" id=\"procedimientos\"><\/div>\n\t\t\t\t\t\t<\/div>\n\t\t\t\t<\/div>\n\t\t\t\t<div class=\"elementor-element elementor-element-7a85e21 elementor-align-center elementor-widget elementor-widget-button\" data-id=\"7a85e21\" data-element_type=\"widget\" data-widget_type=\"button.default\">\n\t\t\t\t<div class=\"elementor-widget-container\">\n\t\t\t\t\t\t\t\t\t<div class=\"elementor-button-wrapper\">\n\t\t\t\t\t<a class=\"elementor-button elementor-button-link elementor-size-sm\" href=\"https:\/\/mcdenuncias.usach.cl\/login\" target=\"_blank\">\n\t\t\t\t\t\t<span class=\"elementor-button-content-wrapper\">\n\t\t\t\t\t\t\t\t\t<span class=\"elementor-button-text\">Acceder al Sistema de Denuncias<\/span>\n\t\t\t\t\t<\/span>\n\t\t\t\t\t<\/a>\n\t\t\t\t<\/div>\n\t\t\t\t\t\t\t\t<\/div>\n\t\t\t\t<\/div>\n\t\t\t\t<div class=\"elementor-element elementor-element-8c16b41 elementor-widget-divider--view-line elementor-widget elementor-widget-divider\" data-id=\"8c16b41\" data-element_type=\"widget\" data-widget_type=\"divider.default\">\n\t\t\t\t<div class=\"elementor-widget-container\">\n\t\t\t\t\t\t\t<div class=\"elementor-divider\">\n\t\t\t<span class=\"elementor-divider-separator\">\n\t\t\t\t\t\t<\/span>\n\t\t<\/div>\n\t\t\t\t\t\t<\/div>\n\t\t\t\t<\/div>\n\t\t\t\t<\/div>\n\t\t<div class=\"elementor-element elementor-element-ad6745d e-con-full e-flex e-con e-child\" data-id=\"ad6745d\" data-element_type=\"container\">\n\t\t\t\t<div class=\"elementor-element elementor-element-fdc4bf4 elementor-widget elementor-widget-text-editor\" data-id=\"fdc4bf4\" data-element_type=\"widget\" data-widget_type=\"text-editor.default\">\n\t\t\t\t<div class=\"elementor-widget-container\">\n\t\t\t\t\t\t\t\t\t<div style=\"text-align: justify;\">\n    <strong>DENUNCIA EN EL DEPARTAMENTO DE PROCEDIMIENTOS DISCIPLINARIOS<\/strong><br><br>\n\n    <span style=\"font-weight: 400;\">\n        El Departamento de Procedimientos Disciplinarios, tiene a su cargo la gesti\u00f3n de los procedimientos disciplinarios tanto administrativos como estudiantiles. Su labor se orienta a indagar y determinar eventuales responsabilidades en cada caso, mediante la instrucci\u00f3n formal de los procedimientos correspondientes.\n    <\/span><br><br>\n\n    <span style=\"font-weight: 400;\">\n        Para ello, el Departamento elabora los actos administrativos necesarios, asesora y capacita a fiscales, investigadores e investigadoras, y coordina permanentemente el desarrollo de los procesos, velando por el cumplimiento de los plazos legales y la correcta substanciaci\u00f3n de cada etapa. Asimismo, supervisa el estado procedimental de los casos vigentes, propone medidas para su adecuada resoluci\u00f3n, y gestiona mecanismos de registro, control y seguimiento, resguardando la confidencialidad y el debido resguardo documental. Todo lo anterior se realiza con el prop\u00f3sito de garantizar un proceso disciplinario riguroso, oportuno y ajustado a derecho.\n    <\/span><br><br>\n\n    <span style=\"font-weight: 400;\">Para m\u00e1s informaci\u00f3n escribe a: <\/span>\n    <a href=\"mailto:upd@usach.cl\">upd@usach.cl<\/a>\n<\/div>\n\t\t\t\t\t\t\t\t<\/div>\n\t\t\t\t<\/div>\n\t\t\t\t<div class=\"elementor-element elementor-element-abd6d9a elementor-widget elementor-widget-menu-anchor\" data-id=\"abd6d9a\" data-element_type=\"widget\" data-widget_type=\"menu-anchor.default\">\n\t\t\t\t<div class=\"elementor-widget-container\">\n\t\t\t\t\t\t\t<div class=\"elementor-menu-anchor\" id=\"lobby\"><\/div>\n\t\t\t\t\t\t<\/div>\n\t\t\t\t<\/div>\n\t\t\t\t<div class=\"elementor-element elementor-element-bae5b4a elementor-align-center elementor-widget elementor-widget-button\" data-id=\"bae5b4a\" data-element_type=\"widget\" data-widget_type=\"button.default\">\n\t\t\t\t<div class=\"elementor-widget-container\">\n\t\t\t\t\t\t\t\t\t<div class=\"elementor-button-wrapper\">\n\t\t\t\t\t<a class=\"elementor-button elementor-button-link elementor-size-sm\" href=\"https:\/\/denuncias.usach.cl\/login\" target=\"_blank\">\n\t\t\t\t\t\t<span class=\"elementor-button-content-wrapper\">\n\t\t\t\t\t\t\t\t\t<span class=\"elementor-button-text\">Acceder al Sistema de Denuncias<\/span>\n\t\t\t\t\t<\/span>\n\t\t\t\t\t<\/a>\n\t\t\t\t<\/div>\n\t\t\t\t\t\t\t\t<\/div>\n\t\t\t\t<\/div>\n\t\t\t\t<div class=\"elementor-element elementor-element-5db9071 elementor-widget-divider--view-line elementor-widget elementor-widget-divider\" data-id=\"5db9071\" data-element_type=\"widget\" data-widget_type=\"divider.default\">\n\t\t\t\t<div class=\"elementor-widget-container\">\n\t\t\t\t\t\t\t<div class=\"elementor-divider\">\n\t\t\t<span class=\"elementor-divider-separator\">\n\t\t\t\t\t\t<\/span>\n\t\t<\/div>\n\t\t\t\t\t\t<\/div>\n\t\t\t\t<\/div>\n\t\t\t\t<\/div>\n\t\t\t\t\t<\/div>\n\t\t\t\t<\/div>\n\t\t<div class=\"elementor-element elementor-element-dfaa67b e-flex e-con-boxed e-con e-parent\" data-id=\"dfaa67b\" data-element_type=\"container\" data-settings=\"{&quot;background_background&quot;:&quot;classic&quot;}\">\n\t\t\t\t\t<div class=\"e-con-inner\">\n\t\t<div class=\"elementor-element elementor-element-07eca17 e-con-full e-flex e-con e-child\" data-id=\"07eca17\" data-element_type=\"container\">\n\t\t\t\t<div class=\"elementor-element elementor-element-11183de elementor-widget elementor-widget-image\" data-id=\"11183de\" data-element_type=\"widget\" data-widget_type=\"image.default\">\n\t\t\t\t<div class=\"elementor-widget-container\">\n\t\t\t\t\t\t\t\t\t\t\t\t\t\t\t\t<a href=\"https:\/\/www.usach.cl\/\" target=\"_blank\">\n\t\t\t\t\t\t\t<img decoding=\"async\" src=\"https:\/\/canaldedenuncias.usach.cl\/wp-content\/uploads\/2025\/05\/Usach-SB.png\" title=\"Usach SB\" alt=\"Usach SB\" loading=\"lazy\" \/>\t\t\t\t\t\t\t\t<\/a>\n\t\t\t\t\t\t\t\t\t\t\t\t\t\t\t<\/div>\n\t\t\t\t<\/div>\n\t\t\t\t<div class=\"elementor-element elementor-element-6eae0fc elementor-widget elementor-widget-image\" data-id=\"6eae0fc\" data-element_type=\"widget\" data-widget_type=\"image.default\">\n\t\t\t\t<div class=\"elementor-widget-container\">\n\t\t\t\t\t\t\t\t\t\t\t\t\t\t\t<img loading=\"lazy\" decoding=\"async\" width=\"678\" height=\"113\" src=\"https:\/\/canaldedenuncias.usach.cl\/wp-content\/uploads\/2025\/05\/CNA-7-anos-3LC.png\" class=\"attachment-large size-large wp-image-346\" alt=\"\" \/>\t\t\t\t\t\t\t\t\t\t\t\t\t\t\t<\/div>\n\t\t\t\t<\/div>\n\t\t\t\t<\/div>\n\t\t<div class=\"elementor-element elementor-element-84ca8ab e-con-full e-flex e-con e-child\" data-id=\"84ca8ab\" data-element_type=\"container\">\n\t\t\t\t<div class=\"elementor-element elementor-element-ab44bbe elementor-widget elementor-widget-image\" data-id=\"ab44bbe\" data-element_type=\"widget\" data-widget_type=\"image.default\">\n\t\t\t\t<div class=\"elementor-widget-container\">\n\t\t\t\t\t\t\t\t\t\t\t\t\t\t\t<img loading=\"lazy\" decoding=\"async\" width=\"426\" height=\"251\" src=\"https:\/\/canaldedenuncias.usach.cl\/wp-content\/uploads\/2025\/05\/Artboard-2.png\" class=\"attachment-large size-large wp-image-347\" alt=\"\" \/>\t\t\t\t\t\t\t\t\t\t\t\t\t\t\t<\/div>\n\t\t\t\t<\/div>\n\t\t\t\t<div class=\"elementor-element elementor-element-b4d00db elementor-widget elementor-widget-heading\" data-id=\"b4d00db\" data-element_type=\"widget\" data-widget_type=\"heading.default\">\n\t\t\t\t<div class=\"elementor-widget-container\">\n\t\t\t\t\t<h2 class=\"elementor-heading-title elementor-size-default\">Desarrollado por <a href=\"https:\/\/citiaps.usach.cl\/\" target=\"_blank\" style=\"color: #01A99D; text-decoration: none;\">CITIAPS<\/a><\/h2>\t\t\t\t<\/div>\n\t\t\t\t<\/div>\n\t\t\t\t<\/div>\n\t\t<div class=\"elementor-element elementor-element-53ecbba e-con-full e-flex e-con e-child\" data-id=\"53ecbba\" data-element_type=\"container\">\n\t\t\t\t<div class=\"elementor-element elementor-element-e30eb5d elementor-widget elementor-widget-heading\" data-id=\"e30eb5d\" data-element_type=\"widget\" data-widget_type=\"heading.default\">\n\t\t\t\t<div class=\"elementor-widget-container\">\n\t\t\t\t\t<h2 class=\"elementor-heading-title elementor-size-default\">CONTACTO<\/h2>\t\t\t\t<\/div>\n\t\t\t\t<\/div>\n\t\t\t\t<div class=\"elementor-element elementor-element-5119560 elementor-mobile-align-center elementor-icon-list--layout-traditional elementor-list-item-link-full_width elementor-widget elementor-widget-icon-list\" data-id=\"5119560\" data-element_type=\"widget\" data-widget_type=\"icon-list.default\">\n\t\t\t\t<div class=\"elementor-widget-container\">\n\t\t\t\t\t\t\t<ul class=\"elementor-icon-list-items\">\n\t\t\t\t\t\t\t<li class=\"elementor-icon-list-item\">\n\t\t\t\t\t\t\t\t\t\t\t<span class=\"elementor-icon-list-icon\">\n\t\t\t\t\t\t\t<svg aria-hidden=\"true\" class=\"e-font-icon-svg e-fas-envelope\" viewBox=\"0 0 512 512\" xmlns=\"http:\/\/www.w3.org\/2000\/svg\"><path d=\"M502.3 190.8c3.9-3.1 9.7-.2 9.7 4.7V400c0 26.5-21.5 48-48 48H48c-26.5 0-48-21.5-48-48V195.6c0-5 5.7-7.8 9.7-4.7 22.4 17.4 52.1 39.5 154.1 113.6 21.1 15.4 56.7 47.8 92.2 47.6 35.7.3 72-32.8 92.3-47.6 102-74.1 131.6-96.3 154-113.7zM256 320c23.2.4 56.6-29.2 73.4-41.4 132.7-96.3 142.8-104.7 173.4-128.7 5.8-4.5 9.2-11.5 9.2-18.9v-19c0-26.5-21.5-48-48-48H48C21.5 64 0 85.5 0 112v19c0 7.4 3.4 14.3 9.2 18.9 30.6 23.9 40.7 32.4 173.4 128.7 16.8 12.2 50.2 41.8 73.4 41.4z\"><\/path><\/svg>\t\t\t\t\t\t<\/span>\n\t\t\t\t\t\t\t\t\t\t<span class=\"elementor-icon-list-text\">dei@usach.cl<\/span>\n\t\t\t\t\t\t\t\t\t<\/li>\n\t\t\t\t\t\t<\/ul>\n\t\t\t\t\t\t<\/div>\n\t\t\t\t<\/div>\n\t\t\t\t<\/div>\n\t\t\t\t\t<\/div>\n\t\t\t\t<\/div>\n\t\t\t\t<\/div>\n\t\t","protected":false},"excerpt":{"rendered":"<p>Conoce c\u00f3mo funciona cada tipo de denuncia Receptora de denuncias por acoso laboral o sexual, violencia en el trabajo y discriminaci\u00f3n de g\u00e9nero. Cuenta con protocolos y formularios espec\u00edficos, y brinda orientaci\u00f3n psicojur\u00eddica confidencial a las personas afectadas, asegurando un acompa\u00f1amiento respetuoso y especializado durante todo el proceso. DENUNCIAS POR ACOSO SEXUAL VIOLENCIA Y DISCRIMINACI\u00d3N&hellip;&nbsp;<a href=\"https:\/\/canaldedenuncias.usach.cl\/index.php\/informate-2\/\" rel=\"bookmark\"><span class=\"screen-reader-text\">Informate<\/span><\/a><\/p>\n","protected":false},"author":1,"featured_media":0,"parent":0,"menu_order":0,"comment_status":"closed","ping_status":"closed","template":"page-templates\/template-pagebuilder-full-width.php","meta":{"neve_meta_sidebar":"full-width","neve_meta_container":"full-width","neve_meta_enable_content_width":"on","neve_meta_content_width":100,"neve_meta_title_alignment":"","neve_meta_author_avatar":"","neve_post_elements_order":"","neve_meta_disable_header":"off","neve_meta_disable_footer":"","neve_meta_disable_title":"","footnotes":""},"class_list":["post-534","page","type-page","status-publish","hentry"],"_links":{"self":[{"href":"https:\/\/canaldedenuncias.usach.cl\/index.php\/wp-json\/wp\/v2\/pages\/534","targetHints":{"allow":["GET"]}}],"collection":[{"href":"https:\/\/canaldedenuncias.usach.cl\/index.php\/wp-json\/wp\/v2\/pages"}],"about":[{"href":"https:\/\/canaldedenuncias.usach.cl\/index.php\/wp-json\/wp\/v2\/types\/page"}],"author":[{"embeddable":true,"href":"https:\/\/canaldedenuncias.usach.cl\/index.php\/wp-json\/wp\/v2\/users\/1"}],"replies":[{"embeddable":true,"href":"https:\/\/canaldedenuncias.usach.cl\/index.php\/wp-json\/wp\/v2\/comments?post=534"}],"version-history":[{"count":331,"href":"https:\/\/canaldedenuncias.usach.cl\/index.php\/wp-json\/wp\/v2\/pages\/534\/revisions"}],"predecessor-version":[{"id":1190,"href":"https:\/\/canaldedenuncias.usach.cl\/index.php\/wp-json\/wp\/v2\/pages\/534\/revisions\/1190"}],"wp:attachment":[{"href":"https:\/\/canaldedenuncias.usach.cl\/index.php\/wp-json\/wp\/v2\/media?parent=534"}],"curies":[{"name":"wp","href":"https:\/\/api.w.org\/{rel}","templated":true}]}}